{"id":4434,"date":"2026-04-13T11:56:53","date_gmt":"2026-04-13T09:56:53","guid":{"rendered":"https:\/\/demo2.egm.at\/www.thelivingcore-original.com\/kunden-projekte\/"},"modified":"2026-04-13T11:56:53","modified_gmt":"2026-04-13T09:56:53","slug":"kunden-projekte","status":"publish","type":"page","link":"https:\/\/demo2.egm.at\/www.thelivingcore-original.com\/kunden-projekte\/","title":{"rendered":"Kunden &#038; Projekte \u2014 Referenzen"},"content":{"rendered":"<div class=\"page-hero-content reveal\">\n<p class=\"page-hero-label reveal\">Kunden &amp; Projekte<\/p>\n<h1 class=\"reveal\" id=\"page-h\">Ergebnisse, die <em>sprechen<\/em><\/h1>\n<p class=\"page-hero-intro reveal\">Wir arbeiten mit f\u00fchrenden Organisationen aus verschiedensten Branchen an ihren Zukunftspotentialen. Hier eine Auswahl.<\/p>\n<\/div>\n<div class=\"sec-inner reveal\">\n<p class=\"sec-label reveal\">Ausgew\u00e4hlte Projekte<\/p>\n<h2 class=\"sec-title reveal\" id=\"projekte-h\">Gemeinsam gestaltet, nachhaltig <em>gewirkt<\/em><\/h2>\n<div class=\"cards-grid\">\n<a class=\"card reveal\" href=\"\/projekte\/med-uni-innsbruck\/\"><br \/>\n<img alt=\"Med Uni Innsbruck\" class=\"card-img\" decoding=\"async\" height=\"813\" loading=\"lazy\" sizes=\"auto, (max-width:720px) 100vw, 720px\" src=\"projekt-mui.jpg\" srcset=\"projekt-mui-768x512.jpg 768w, projekt-mui-1024x683.jpg 1024w, projekt-mui.jpg 1920w\" width=\"1200\"\/><br \/>\n<span class=\"card-tag\">Transformation<\/span><\/p>\n<h3>Med Uni Innsbruck<\/h3>\n<p>Strategische Neupositionierung und Identit\u00e4tsentwicklung einer f\u00fchrenden medizinischen Universit\u00e4t.<\/p>\n<p><\/a><br \/>\n<a class=\"card reveal\" href=\"\/projekte\/novartis\/\"><br \/>\n<img alt=\"Novartis\" class=\"card-img\" decoding=\"async\" height=\"609\" loading=\"lazy\" sizes=\"auto, (max-width:720px) 100vw, 720px\" src=\"projekt-chiron.jpeg\" srcset=\"projekt-chiron-768x512.jpeg 768w, projekt-chiron-1024x683.jpeg 1024w, projekt-chiron.jpeg 1920w\" width=\"800\"\/><br \/>\n<span class=\"card-tag\">Innovation<\/span><\/p>\n<h3>Novartis<\/h3>\n<p>Entwicklung neuer Innovationsans\u00e4tze im pharmazeutischen Kontext mit globalem Impact.<\/p>\n<p><\/a><br \/>\n<a class=\"card reveal\" href=\"\/projekte\/gkk-wie-die-arbeit-an-mindsets-die-erfolgreiche-transformation-vorantreibt\/\"><br \/>\n<img alt=\"GKK \u2014 Transformation durch Mindsets\" class=\"card-img\" decoding=\"async\" height=\"1500\" loading=\"lazy\" sizes=\"auto, (max-width:720px) 100vw, 720px\" src=\"projekt-gkk.jpg\" srcset=\"projekt-gkk-768x512.jpg 768w, projekt-gkk-1024x683.jpg 1024w, projekt-gkk.jpg 1920w\" width=\"2000\"\/><br \/>\n<span class=\"card-tag\">Leadership &amp; Transformation<\/span><\/p>\n<h3>GKK \u2014 Transformation durch Mindsets<\/h3>\n<p>Wie die Arbeit an Mindsets die erfolgreiche Transformation eines mittelst\u00e4ndischen CX-Unternehmens vorantreibt.<\/p>\n<p><\/a><br \/>\n<a class=\"card reveal\" href=\"\/projekte\/profilbildungsprozess-der-medizinischen-universitaet-graz-wie-schafft-man-eine-einzigartige-identitaet-inmitten-akademischer-konformitaet\/\"><br \/>\n<img alt=\"Med Uni Graz \u2014 Profilbildung\" class=\"card-img\" decoding=\"async\" height=\"1500\" loading=\"lazy\" sizes=\"auto, (max-width:720px) 100vw, 720px\" src=\"projekt-mug.jpg\" srcset=\"projekt-mug-768x512.jpg 768w, projekt-mug-1024x683.jpg 1024w, projekt-mug.jpg 1920w\" width=\"2000\"\/><br \/>\n<span class=\"card-tag\">Transformation<\/span><\/p>\n<h3>Med Uni Graz \u2014 Profilbildung<\/h3>\n<p>Wie schafft man eine einzigartige Identit\u00e4t inmitten akademischer Konformit\u00e4t?<\/p>\n<p><\/a><br \/>\n<a class=\"card reveal\" href=\"\/projekte\/oebb\/\"><br \/>\n<img alt=\"\u00d6BB Innovation Factory\" class=\"card-img\" decoding=\"async\" height=\"798\" loading=\"lazy\" src=\"projekt-innovation-factory-4.webp\" width=\"1200\"\/><br \/>\n<span class=\"card-tag\">Innovation &amp; Spaces<\/span><\/p>\n<h3>\u00d6BB Innovation Factory<\/h3>\n<p>Im Herzen von Wien findet in der \u00d6BB Open Innovation Factory eine transformative Reise statt.<\/p>\n<p><\/a><br \/>\n<a class=\"card reveal\" href=\"\/projekte\/merck-innovationszentrum\/\"><br \/>\n<img alt=\"Merck Innovationszentrum\" class=\"card-img\" decoding=\"async\" height=\"1500\" loading=\"lazy\" sizes=\"auto, (max-width:720px) 100vw, 720px\" src=\"projekt-merck-innovation.jpg\" srcset=\"projekt-merck-innovation-768x512.jpg 768w, projekt-merck-innovation-1024x683.jpg 1024w, projekt-merck-innovation.jpg 1920w\" width=\"2000\"\/><br \/>\n<span class=\"card-tag\">Innovation<\/span><\/p>\n<h3>Merck Innovationszentrum<\/h3>\n<p>Ein konzernweites Innovationszentrum \u2014 Entwicklung neuer Denkweisen und Arbeitsmodelle.<\/p>\n<p><\/a><br \/>\n<a class=\"card reveal\" href=\"\/projekte\/swarm-entwicklung-einer-strategie-fuer-ein-dezentrales-digitales-oekosystem\/\"><br \/>\n<img alt=\"Swarm \u2014 Dezentrales digitales \u00d6kosystem\" class=\"card-img\" decoding=\"async\" height=\"1500\" loading=\"lazy\" sizes=\"auto, (max-width:720px) 100vw, 720px\" src=\"projekt-swarm.jpg\" srcset=\"projekt-swarm-768x512.jpg 768w, projekt-swarm-1024x683.jpg 1024w, projekt-swarm.jpg 1920w\" width=\"2000\"\/><br \/>\n<span class=\"card-tag\">Innovation<\/span><\/p>\n<h3>Swarm \u2014 Dezentrales digitales \u00d6kosystem<\/h3>\n<p>Entwicklung einer Strategie f\u00fcr ein dezentrales digitales \u00d6kosystem.<\/p>\n<p><\/a><br \/>\n<a class=\"card reveal\" href=\"\/projekte\/immobilien-und-projektentwicklung-value-creation-process\/\"><br \/>\n<img alt=\"Immobilien- &amp; Projektentwicklung\" class=\"card-img\" decoding=\"async\" height=\"1500\" loading=\"lazy\" sizes=\"auto, (max-width:720px) 100vw, 720px\" src=\"projekt-immobilien-und-projektentwicklung.jpg\" srcset=\"projekt-immobilien-und-projektentwicklung-768x512.jpg 768w, projekt-immobilien-und-projektentwicklung-1024x683.jpg 1024w, projekt-immobilien-und-projektentwicklung.jpg 1920w\" width=\"2000\"\/><br \/>\n<span class=\"card-tag\">Transformation<\/span><\/p>\n<h3>Immobilien- &amp; Projektentwicklung<\/h3>\n<p>Value Creation Process \u2014 Neugestaltung der Wertsch\u00f6pfungskette in der Immobilienentwicklung.<\/p>\n<p><\/a><br \/>\n<a class=\"card reveal\" href=\"\/projekte\/burda-international-polen-innovation-hive\/\"><br \/>\n<img alt=\"Burda International \u2014 Innovation Hive\" class=\"card-img\" decoding=\"async\" height=\"1500\" loading=\"lazy\" sizes=\"auto, (max-width:720px) 100vw, 720px\" src=\"projekt-burda.jpg\" srcset=\"projekt-burda-768x512.jpg 768w, projekt-burda-1024x683.jpg 1024w, projekt-burda.jpg 1920w\" width=\"2000\"\/><br \/>\n<span class=\"card-tag\">Innovation<\/span><\/p>\n<h3>Burda International \u2014 Innovation Hive<\/h3>\n<p>Ein Innovation Hive f\u00fcr Burda International in Polen \u2014 kreative Impulse f\u00fcr Medieninnovation.<\/p>\n<p><\/a><br \/>\n<a class=\"card reveal\" href=\"\/projekte\/bene-new-world-of-work-produktentwicklung\/\"><br \/>\n<img alt=\"Bene \u2014 New World of Work\" class=\"card-img\" decoding=\"async\" height=\"1500\" loading=\"lazy\" sizes=\"auto, (max-width:720px) 100vw, 720px\" src=\"projekt-bene.jpg\" srcset=\"projekt-bene-768x512.jpg 768w, projekt-bene-1024x683.jpg 1024w, projekt-bene.jpg 1920w\" width=\"2000\"\/><br \/>\n<span class=\"card-tag\">Innovation &amp; Spaces<\/span><\/p>\n<h3>Bene \u2014 New World of Work<\/h3>\n<p>Produktentwicklung f\u00fcr die neue Arbeitswelt \u2014 innovative B\u00fcrol\u00f6sungen und Raumkonzepte.<\/p>\n<p><\/a><br \/>\n<a class=\"card reveal\" href=\"\/projekte\/obdach-wien-wenn-sich-alles-auf-einmal-aendert\/\"><br \/>\n<img alt=\"Obdach Wien\" class=\"card-img\" decoding=\"async\" height=\"1500\" loading=\"lazy\" sizes=\"auto, (max-width:720px) 100vw, 720px\" src=\"projekt-obdach-wien.jpg\" srcset=\"projekt-obdach-wien-768x512.jpg 768w, projekt-obdach-wien-1024x683.jpg 1024w, projekt-obdach-wien.jpg 1920w\" width=\"2000\"\/><br \/>\n<span class=\"card-tag\">Transformation<\/span><\/p>\n<h3>Obdach Wien<\/h3>\n<p>Wenn sich alles auf einmal \u00e4ndert \u2014 Transformation eines Tageszentrums f\u00fcr obdachlose Frauen.<\/p>\n<p><\/a><br \/>\n<a class=\"card reveal\" href=\"\/projekte\/fronius-den-wandel-der-produktion-proaktiv-gestalten\/\"><br \/>\n<img alt=\"Fronius \u2014 Wandel der Produktion\" class=\"card-img\" decoding=\"async\" height=\"1500\" loading=\"lazy\" sizes=\"auto, (max-width:720px) 100vw, 720px\" src=\"projekt-fronius.jpg\" srcset=\"projekt-fronius-768x512.jpg 768w, projekt-fronius-1024x683.jpg 1024w, projekt-fronius.jpg 1920w\" width=\"2000\"\/><br \/>\n<span class=\"card-tag\">Transformation<\/span><\/p>\n<h3>Fronius \u2014 Wandel der Produktion<\/h3>\n<p>Den Wandel der Produktion proaktiv gestalten bei einem \u00f6sterreichischen Technologief\u00fchrer.<\/p>\n<p><\/a><br \/>\n<a class=\"card reveal\" href=\"\/projekte\/moholy-nagy-kunst-und-design-universitaet-gesellschaftliche-wirkung-durch-neue-produkte-und-dienstleistungen\/\"><br \/>\n<img alt=\"Moholy-Nagy Universit\u00e4t (MOME)\" class=\"card-img\" decoding=\"async\" height=\"1500\" loading=\"lazy\" sizes=\"auto, (max-width:720px) 100vw, 720px\" src=\"projekt-mome.jpg\" srcset=\"projekt-mome-768x512.jpg 768w, projekt-mome-1024x683.jpg 1024w, projekt-mome.jpg 1920w\" width=\"2000\"\/><br \/>\n<span class=\"card-tag\">Innovation<\/span><\/p>\n<h3>Moholy-Nagy Universit\u00e4t (MOME)<\/h3>\n<p>Gesellschaftliche Wirkung durch neue Produkte und Dienstleistungen an der Budapester Designuniversit\u00e4t.<\/p>\n<p><\/a><br \/>\n<a class=\"card reveal\" href=\"\/projekte\/morning-next-generation-karriereoekosystem\/\"><br \/>\n<img alt=\"morning \u2014 Karriere\u00f6kosystem\" class=\"card-img\" decoding=\"async\" height=\"1500\" loading=\"lazy\" sizes=\"auto, (max-width:720px) 100vw, 720px\" src=\"projekt-morning.jpg\" srcset=\"projekt-morning-768x512.jpg 768w, projekt-morning-1024x683.jpg 1024w, projekt-morning.jpg 1920w\" width=\"2000\"\/><br \/>\n<span class=\"card-tag\">Innovation<\/span><\/p>\n<h3>morning \u2014 Karriere\u00f6kosystem<\/h3>\n<p>Next Generation Karriere\u00f6kosystem \u2014 wie Menschen \u00fcber ihre Arbeit neu denken.<\/p>\n<p><\/a><br \/>\n<a class=\"card reveal\" href=\"\/projekte\/value-one-ein-buero-zum-streicheln\/\"><br \/>\n<img alt=\"Value One \u2014 B\u00fcro zum Streicheln\" class=\"card-img\" decoding=\"async\" height=\"1500\" loading=\"lazy\" sizes=\"auto, (max-width:720px) 100vw, 720px\" src=\"projekt-value-one.jpg\" srcset=\"projekt-value-one-768x512.jpg 768w, projekt-value-one-1024x683.jpg 1024w, projekt-value-one.jpg 1920w\" width=\"2000\"\/><br \/>\n<span class=\"card-tag\">Spaces<\/span><\/p>\n<h3>Value One \u2014 B\u00fcro zum Streicheln<\/h3>\n<p>Arbeitsr\u00e4ume, die Menschen inspirieren und ber\u00fchren \u2014 ein neuartiges B\u00fcrokonzept.<\/p>\n<p><\/a><br \/>\n<a class=\"card reveal\" href=\"\/projekte\/novyofis-zukunftsfaehige-arbeitswelten-fuer-hb-reavis\/\"><br \/>\n<img alt=\"#novyofis \u2014 HB Reavis\" class=\"card-img\" decoding=\"async\" height=\"1500\" loading=\"lazy\" sizes=\"auto, (max-width:720px) 100vw, 720px\" src=\"projekt-novyofis.jpg\" srcset=\"projekt-novyofis-768x512.jpg 768w, projekt-novyofis-1024x683.jpg 1024w, projekt-novyofis.jpg 1920w\" width=\"2000\"\/><br \/>\n<span class=\"card-tag\">Spaces<\/span><\/p>\n<h3>#novyofis \u2014 HB Reavis<\/h3>\n<p>Zukunftsf\u00e4hige Arbeitswelten f\u00fcr den internationalen Immobilienentwickler HB Reavis.<\/p>\n<p><\/a><br \/>\n<a class=\"card reveal\" href=\"\/projekte\/standortentwicklung-der-mensch-im-alter-und-zukunftsidentitaet-fuer-die-elisabethinen\/\"><br \/>\n<img alt=\"Elisabethinen \u2014 Der Mensch im Alter\" class=\"card-img\" decoding=\"async\" height=\"1500\" loading=\"lazy\" sizes=\"auto, (max-width:720px) 100vw, 720px\" src=\"projekt-standortentwicklung-der-mensch-im-alter.jpg\" srcset=\"projekt-standortentwicklung-der-mensch-im-alter-768x512.jpg 768w, projekt-standortentwicklung-der-mensch-im-alter-1024x683.jpg 1024w, projekt-standortentwicklung-der-mensch-im-alter.jpg 1920w\" width=\"2000\"\/><br \/>\n<span class=\"card-tag\">Transformation<\/span><\/p>\n<h3>Elisabethinen \u2014 Der Mensch im Alter<\/h3>\n<p>Standortentwicklung und Zukunftsidentit\u00e4t \u2014 den Menschen im Alter in den Mittelpunkt stellen.<\/p>\n<p><\/a><br \/>\n<a class=\"card reveal\" href=\"\/projekte\/rhomberg-bau-rhine-valley-inkubator-fuer-zukunft\/\"><br \/>\n<img alt=\"Rhomberg Bau \u2014 Rhine Valley\" class=\"card-img\" decoding=\"async\" height=\"1500\" loading=\"lazy\" sizes=\"auto, (max-width:720px) 100vw, 720px\" src=\"projekt-rhomberg.jpg\" srcset=\"projekt-rhomberg-768x512.jpg 768w, projekt-rhomberg-1024x683.jpg 1024w, projekt-rhomberg.jpg 1920w\" width=\"2000\"\/><br \/>\n<span class=\"card-tag\">Innovation &amp; Spaces<\/span><\/p>\n<h3>Rhomberg Bau \u2014 Rhine Valley<\/h3>\n<p>Rhine Valley \u2014 ein Inkubator f\u00fcr Zukunft im Vorarlberger Rheintal.<\/p>\n<p><\/a><br \/>\n<a class=\"card reveal\" href=\"\/projekte\/brenner-basistunnel-bbt\/\"><br \/>\n<img alt=\"BBT Gruppe \u2014 Brenner Basistunnel\" class=\"card-img\" decoding=\"async\" height=\"1500\" loading=\"lazy\" sizes=\"auto, (max-width:720px) 100vw, 720px\" src=\"projekt-bbt-gruppe.jpg\" srcset=\"projekt-bbt-gruppe-768x512.jpg 768w, projekt-bbt-gruppe-1024x683.jpg 1024w, projekt-bbt-gruppe.jpg 1920w\" width=\"2000\"\/><br \/>\n<span class=\"card-tag\">Transformation<\/span><\/p>\n<h3>BBT Gruppe \u2014 Brenner Basistunnel<\/h3>\n<p>Strategische Entwicklung f\u00fcr eines der gr\u00f6\u00dften Infrastrukturprojekte Europas.<\/p>\n<p><\/a><br \/>\n<a class=\"card reveal\" href=\"\/projekte\/tomaselli-gabriel-bau\/\"><br \/>\n<img alt=\"Tomaselli Gabriel Bau\" class=\"card-img\" decoding=\"async\" height=\"1500\" loading=\"lazy\" sizes=\"auto, (max-width:720px) 100vw, 720px\" src=\"projekt-tomaselli.jpg\" srcset=\"projekt-tomaselli-768x512.jpg 768w, projekt-tomaselli-1024x683.jpg 1024w, projekt-tomaselli.jpg 1920w\" width=\"2000\"\/><br \/>\n<span class=\"card-tag\">Transformation<\/span><\/p>\n<h3>Tomaselli Gabriel Bau<\/h3>\n<p>Organisationsentwicklung und Zukunftsausrichtung eines traditionsreichen Vorarlberger Bauunternehmens.<\/p>\n<p><\/a>\n<\/div>\n<\/div>\n<p><heading>Bereit f\u00fcr Ihre Zukunft?<\/heading><\/p>\n<p>Lassen Sie uns gemeinsam Ihre gew\u00fcnschte Zukunft gestalten.<\/p>\n<div class=\"cta-btns\">\n<a class=\"btn btn-white\" href=\"mailto:welcome@thelivingcore.com\">Gespr\u00e4ch vereinbaren<\/a><br \/>\n<a class=\"btn btn-ghost-w\" href=\"https:\/\/calendly.com\/thelivingcore\/introduction\" rel=\"noopener\" target=\"_blank\">Termin buchen<\/a>\n<\/div>\n","protected":false},"excerpt":{"rendered":"<p>Kunden &amp; Projekte Ergebnisse, die sprechen Wir arbeiten mit f\u00fchrenden Organisationen aus verschiedensten Branchen an ihren Zukunftspotentialen. Hier eine Auswahl. Ausgew\u00e4hlte Projekte Gemeinsam gestaltet, nachhaltig gewirkt Transformation Med Uni Innsbruck Strategische Neupositionierung und Identit\u00e4tsentwicklung einer f\u00fchrenden medizinischen Universit\u00e4t. Innovation Novartis Entwicklung neuer Innovationsans\u00e4tze im pharmazeutischen Kontext mit globalem Impact. Leadership &amp; Transformation GKK \u2014 Transformation &#8230; <a title=\"Kunden &#038; Projekte \u2014 Referenzen\" class=\"read-more\" href=\"https:\/\/demo2.egm.at\/www.thelivingcore-original.com\/kunden-projekte\/\" aria-label=\"Mehr Informationen \u00fcber Kunden &#038; Projekte \u2014 Referenzen\">Weiterlesen<\/a><\/p>\n","protected":false},"author":53,"featured_media":0,"parent":0,"menu_order":0,"comment_status":"closed","ping_status":"closed","template":"","meta":{"_acf_changed":false,"footnotes":""},"class_list":["post-4434","page","type-page","status-publish"],"acf":[],"_links":{"self":[{"href":"https:\/\/demo2.egm.at\/www.thelivingcore-original.com\/wp-json\/wp\/v2\/pages\/4434","targetHints":{"allow":["GET"]}}],"collection":[{"href":"https:\/\/demo2.egm.at\/www.thelivingcore-original.com\/wp-json\/wp\/v2\/pages"}],"about":[{"href":"https:\/\/demo2.egm.at\/www.thelivingcore-original.com\/wp-json\/wp\/v2\/types\/page"}],"author":[{"embeddable":true,"href":"https:\/\/demo2.egm.at\/www.thelivingcore-original.com\/wp-json\/wp\/v2\/users\/53"}],"replies":[{"embeddable":true,"href":"https:\/\/demo2.egm.at\/www.thelivingcore-original.com\/wp-json\/wp\/v2\/comments?post=4434"}],"version-history":[{"count":0,"href":"https:\/\/demo2.egm.at\/www.thelivingcore-original.com\/wp-json\/wp\/v2\/pages\/4434\/revisions"}],"wp:attachment":[{"href":"https:\/\/demo2.egm.at\/www.thelivingcore-original.com\/wp-json\/wp\/v2\/media?parent=4434"}],"curies":[{"name":"wp","href":"https:\/\/api.w.org\/{rel}","templated":true}]}}